{"id":1302,"date":"2015-05-05T14:40:51","date_gmt":"2015-05-05T12:40:51","guid":{"rendered":"https:\/\/academia-engelberg.ch\/conference-2015\/anmeldung\/"},"modified":"2019-05-16T12:11:20","modified_gmt":"2019-05-16T10:11:20","slug":"registration","status":"publish","type":"page","link":"https:\/\/academia-engelberg.ch\/en\/registration\/","title":{"rendered":"Registration"},"content":{"rendered":"\n<div class=\"wpcf7 no-js\" id=\"wpcf7-f494-o1\" lang=\"de-DE\" dir=\"ltr\" data-wpcf7-id=\"494\">\n<div class=\"screen-reader-response\"><p role=\"status\" aria-live=\"polite\" aria-atomic=\"true\"><\/p> <ul><\/ul><\/div>\n<form action=\"\/en\/wp-json\/wp\/v2\/pages\/1302#wpcf7-f494-o1\" method=\"post\" class=\"wpcf7-form init\" aria-label=\"Kontaktformular\" novalidate=\"novalidate\" data-status=\"init\">\n<fieldset class=\"hidden-fields-container\"><input type=\"hidden\" name=\"_wpcf7\" value=\"494\" \/><input type=\"hidden\" name=\"_wpcf7_version\" value=\"6.1.5\" \/><input type=\"hidden\" name=\"_wpcf7_locale\" value=\"de_DE\" \/><input type=\"hidden\" name=\"_wpcf7_unit_tag\" value=\"wpcf7-f494-o1\" \/><input type=\"hidden\" name=\"_wpcf7_container_post\" value=\"0\" \/><input type=\"hidden\" name=\"_wpcf7_posted_data_hash\" value=\"\" \/><input type=\"hidden\" name=\"_wpcf7cf_hidden_group_fields\" value=\"[]\" \/><input type=\"hidden\" name=\"_wpcf7cf_hidden_groups\" value=\"[]\" \/><input type=\"hidden\" name=\"_wpcf7cf_visible_groups\" value=\"[]\" \/><input type=\"hidden\" name=\"_wpcf7cf_repeaters\" value=\"[]\" \/><input type=\"hidden\" name=\"_wpcf7cf_steps\" value=\"{}\" \/><input type=\"hidden\" name=\"_wpcf7cf_options\" value=\"{&quot;form_id&quot;:494,&quot;conditions&quot;:[],&quot;settings&quot;:{&quot;animation&quot;:&quot;yes&quot;,&quot;animation_intime&quot;:200,&quot;animation_outtime&quot;:200,&quot;conditions_ui&quot;:&quot;normal&quot;,&quot;notice_dismissed&quot;:false}}\" \/><input type=\"hidden\" name=\"_wpcf7_recaptcha_response\" value=\"\" \/>\n<\/fieldset>\n<div class=\"columns-no-break\">\n\t<h2 style=\"margin-top:0;\">Ihre Adresse\n\t<\/h2>\n\t<p>Felder mit einem * sind zwingend\n\t<\/p>\n\t<p class=\"cf\">Anrede* <span class=\"wpcf7-form-control-wrap\" data-name=\"ae-anrede\"><select class=\"wpcf7-form-control wpcf7-select\" aria-invalid=\"false\" name=\"ae-anrede\"><option value=\"\">&#8211; Bitte ausw\u00e4hlen &#8211;<\/option><option value=\"Herr\">Herr<\/option><option value=\"Frau\">Frau<\/option><\/select><\/span>\n\t<\/p>\n\t<p class=\"cf\">Name* <span class=\"wpcf7-form-control-wrap\" data-name=\"ae-name\"><input size=\"40\" maxlength=\"400\" class=\"wpcf7-form-control wpcf7-text wpcf7-validates-as-required\" aria-required=\"true\" aria-invalid=\"false\" value=\"\" type=\"text\" name=\"ae-name\" \/><\/span>\n\t<\/p>\n\t<p class=\"cf\">Vorname* <span class=\"wpcf7-form-control-wrap\" data-name=\"ae-vorname\"><input size=\"40\" maxlength=\"400\" class=\"wpcf7-form-control wpcf7-text wpcf7-validates-as-required\" aria-required=\"true\" aria-invalid=\"false\" value=\"\" type=\"text\" name=\"ae-vorname\" \/><\/span>\n\t<\/p>\n\t<p class=\"cf\">Titel <span class=\"wpcf7-form-control-wrap\" data-name=\"ae-titel\"><input size=\"40\" maxlength=\"400\" class=\"wpcf7-form-control wpcf7-text\" aria-invalid=\"false\" value=\"\" type=\"text\" name=\"ae-titel\" \/><\/span>\n\t<\/p>\n\t<p class=\"cf\">Firma\/Org. <span class=\"wpcf7-form-control-wrap\" data-name=\"ae-organisation\"><input size=\"40\" maxlength=\"400\" class=\"wpcf7-form-control wpcf7-text\" aria-invalid=\"false\" value=\"\" type=\"text\" name=\"ae-organisation\" \/><\/span>\n\t<\/p>\n\t<p class=\"cf\">Strasse* <span class=\"wpcf7-form-control-wrap\" data-name=\"ae-strasse\"><input size=\"40\" maxlength=\"400\" class=\"wpcf7-form-control wpcf7-text wpcf7-validates-as-required\" aria-required=\"true\" aria-invalid=\"false\" value=\"\" type=\"text\" name=\"ae-strasse\" \/><\/span>\n\t<\/p>\n\t<p class=\"cf\">PLZ* <span class=\"wpcf7-form-control-wrap\" data-name=\"ae-plz\"><input size=\"40\" maxlength=\"400\" class=\"wpcf7-form-control wpcf7-text wpcf7-validates-as-required\" aria-required=\"true\" aria-invalid=\"false\" value=\"\" type=\"text\" name=\"ae-plz\" \/><\/span>\n\t<\/p>\n\t<p class=\"cf\">Ort* <span class=\"wpcf7-form-control-wrap\" data-name=\"ae-ort\"><input size=\"40\" maxlength=\"400\" class=\"wpcf7-form-control wpcf7-text wpcf7-validates-as-required\" aria-required=\"true\" aria-invalid=\"false\" value=\"\" type=\"text\" name=\"ae-ort\" \/><\/span>\n\t<\/p>\n\t<p class=\"cf\">Land* <span class=\"wpcf7-form-control-wrap\" data-name=\"ae-land\"><input size=\"40\" maxlength=\"400\" class=\"wpcf7-form-control wpcf7-text wpcf7-validates-as-required\" aria-required=\"true\" aria-invalid=\"false\" value=\"\" type=\"text\" name=\"ae-land\" \/><\/span>\n\t<\/p>\n\t<p class=\"cf\">Tel.-Nr.* <span class=\"wpcf7-form-control-wrap\" data-name=\"ae-tel-nr\"><input size=\"40\" maxlength=\"400\" class=\"wpcf7-form-control wpcf7-text wpcf7-validates-as-required\" aria-required=\"true\" aria-invalid=\"false\" value=\"\" type=\"text\" name=\"ae-tel-nr\" \/><\/span>\n\t<\/p>\n\t<p class=\"cf\">E-Mail* <span class=\"wpcf7-form-control-wrap\" data-name=\"ae-email\"><input size=\"40\" maxlength=\"400\" class=\"wpcf7-form-control wpcf7-email wpcf7-validates-as-required wpcf7-text wpcf7-validates-as-email\" aria-required=\"true\" aria-invalid=\"false\" value=\"\" type=\"email\" name=\"ae-email\" \/><\/span>\n\t<\/p>\n<\/div>\n<div class=\"columns-no-break\">\n\t<h2>Teilnahme\n\t<\/h2>\n\t<p><strong>Die Teilnahmegeb\u00fchr betr\u00e4gt Fr. 250.- (inkl. den im Programmheft erw\u00e4hnten Mahlzeiten, Fahrt und Candlelight-Dinner auf dem Titlis).<\/strong>\n\t<\/p>\n\t<p><span class=\"wpcf7-form-control-wrap\" data-name=\"ae-konferenz\"><span class=\"wpcf7-form-control wpcf7-checkbox\"><span class=\"wpcf7-list-item first\"><label><input type=\"checkbox\" name=\"ae-konferenz[]\" value=\"Teilnahme am Forum 11. Okt. 2019\" \/><span class=\"wpcf7-list-item-label\">Teilnahme am Forum 11. Okt. 2019<\/span><\/label><\/span><span class=\"wpcf7-list-item last\"><label><input type=\"checkbox\" name=\"ae-konferenz[]\" value=\"Teilnahme an Fahrt auf den Titlis und Abendessen am 11. Okt. 2019\" \/><span class=\"wpcf7-list-item-label\">Teilnahme an Fahrt auf den Titlis und Abendessen am 11. Okt. 2019<\/span><\/label><\/span><\/span><\/span>\n\t<\/p>\n\t<h2>Bezahlung\n\t<\/h2>\n\t<p>Die Bezahlung erfolgt gegen Rechnung (E-Mail)\n\t<\/p>\n\t<h2>Mahlzeiten\n\t<\/h2>\n\t<p><span class=\"wpcf7-form-control-wrap\" data-name=\"ae-mahlzeiten\"><span class=\"wpcf7-form-control wpcf7-checkbox wpcf7-exclusive-checkbox\"><span class=\"wpcf7-list-item first\"><input type=\"checkbox\" name=\"ae-mahlzeiten\" value=\"Mahlzeiten mit Fleisch\" \/><span class=\"wpcf7-list-item-label\">Mahlzeiten mit Fleisch<\/span><\/span><span class=\"wpcf7-list-item last\"><input type=\"checkbox\" name=\"ae-mahlzeiten\" value=\"Vegetarische Mahlzeiten\" \/><span class=\"wpcf7-list-item-label\">Vegetarische Mahlzeiten<\/span><\/span><\/span><\/span>\n\t<\/p>\n\t<h2>Bemerkungen\n\t<\/h2>\n\t<p class=\"cf\">Nachricht an uns: <span class=\"wpcf7-form-control-wrap\" data-name=\"ae-bemerkungen\"><textarea cols=\"40\" rows=\"10\" maxlength=\"2000\" class=\"wpcf7-form-control wpcf7-textarea\" aria-invalid=\"false\" name=\"ae-bemerkungen\"><\/textarea><\/span>\n\t<\/p>\n\t<p><strong>Anmeldeschluss: 1. Oktober 2019. Die Anmeldungen werden nach Eingang ber\u00fccksichtigt, falls es nicht gen\u00fcgend Pl\u00e4tze hat.<\/strong>\n\t<\/p>\n\t<p>\n\t<span class=\"wpcf7-form-control-wrap recaptcha\" data-name=\"recaptcha\"><span data-sitekey=\"6LebnXIsAAAAADxVj8fFIZBE6YxyzKad01XbIIIf\" class=\"wpcf7-form-control wpcf7-recaptcha g-recaptcha\"><\/span>\r\n<noscript>\r\n\t<div class=\"grecaptcha-noscript\">\r\n\t\t<iframe loading=\"lazy\" src=\"https:\/\/www.google.com\/recaptcha\/api\/fallback?k=6LebnXIsAAAAADxVj8fFIZBE6YxyzKad01XbIIIf\" frameborder=\"0\" scrolling=\"no\" width=\"310\" height=\"430\">\r\n\t\t<\/iframe>\r\n\t\t<textarea name=\"g-recaptcha-response\" rows=\"3\" cols=\"40\" placeholder=\"reCaptcha Response Here\">\r\n\t\t<\/textarea>\r\n\t<\/div>\r\n<\/noscript>\r\n<\/span>\n\t<\/p>\n<div class=\"wpcf7-response-output\" aria-hidden=\"true\"><\/div>\n\t<p> &nbsp;\n\t<\/p>\n\t<p><input class=\"wpcf7-form-control wpcf7-submit has-spinner button solid-button\" type=\"submit\" value=\"Anmeldung abschicken\" \/>\n\t<\/p>\n<\/div>\n<\/form>\n<\/div>\n\n","protected":false},"excerpt":{"rendered":"","protected":false},"author":1,"featured_media":0,"parent":0,"menu_order":49,"comment_status":"open","ping_status":"closed","template":"page-one-column.php","meta":{"_acf_changed":false,"footnotes":""},"class_list":["post-1302","page","type-page","status-publish","hentry"],"acf":[],"_links":{"self":[{"href":"https:\/\/academia-engelberg.ch\/en\/wp-json\/wp\/v2\/pages\/1302","targetHints":{"allow":["GET"]}}],"collection":[{"href":"https:\/\/academia-engelberg.ch\/en\/wp-json\/wp\/v2\/pages"}],"about":[{"href":"https:\/\/academia-engelberg.ch\/en\/wp-json\/wp\/v2\/types\/page"}],"author":[{"embeddable":true,"href":"https:\/\/academia-engelberg.ch\/en\/wp-json\/wp\/v2\/users\/1"}],"replies":[{"embeddable":true,"href":"https:\/\/academia-engelberg.ch\/en\/wp-json\/wp\/v2\/comments?post=1302"}],"version-history":[{"count":2,"href":"https:\/\/academia-engelberg.ch\/en\/wp-json\/wp\/v2\/pages\/1302\/revisions"}],"predecessor-version":[{"id":12923,"href":"https:\/\/academia-engelberg.ch\/en\/wp-json\/wp\/v2\/pages\/1302\/revisions\/12923"}],"wp:attachment":[{"href":"https:\/\/academia-engelberg.ch\/en\/wp-json\/wp\/v2\/media?parent=1302"}],"curies":[{"name":"wp","href":"https:\/\/api.w.org\/{rel}","templated":true}]}}